{"id":2063,"date":"2016-07-19T06:45:09","date_gmt":"2016-07-19T06:45:09","guid":{"rendered":"http:\/\/www.it-robotics.com\/de\/politica-de-privacidad\/"},"modified":"2024-06-28T09:34:18","modified_gmt":"2024-06-28T09:34:18","slug":"datenschutz","status":"publish","type":"page","link":"https:\/\/www.it-robotics.com\/de\/datenschutz\/","title":{"rendered":"Datenschutz"},"content":{"rendered":"<h3>VERANTWORTLICHER F\u00dcR DIE DATENVERARBEITUNG<\/h3>\n<p><\/p>\n<p>Der Verantwortliche f\u00fcr die Datenverarbeitung ist IT INFOTEC ROBOTICS, S.L., C\/ Nicol\u00e1s Cop\u00e9rnico 5, 03203, Elche (ALICANTE).<\/p>\n<p><\/p>\n<h3>Datenschutzgrunds\u00e4tze<\/h3>\n<p><\/p>\n<p>\nBei IT INFOTEC ROBOTICS, S.L. verpflichten wir uns, kontinuierlich daran zu arbeiten, die Privatsph\u00e4re bei der Verarbeitung Ihrer personenbezogenen Daten zu gew\u00e4hrleisten und Ihnen jederzeit die umfassendsten und klarsten Informationen zu bieten. Wir ermutigen Sie, diesen Abschnitt sorgf\u00e4ltig zu lesen, bevor Sie uns Ihre personenbezogenen Daten zur Verf\u00fcgung stellen.<br \/>\nWenn Sie unter vierzehn Jahre alt sind, geben Sie uns bitte keine Daten ohne die Zustimmung Ihrer Eltern.<br \/>\nIn diesem Abschnitt informieren wir Sie dar\u00fcber, wie wir die Daten von Personen verarbeiten, die eine Beziehung zu unserer Organisation haben. Beginnend mit unseren Grunds\u00e4tzen:<br \/>\n&#8211; Wir fragen nicht nach pers\u00f6nlichen Informationen, es sei denn, diese sind notwendig, um die von Ihnen gew\u00fcnschten Dienstleistungen zu erbringen.<br \/>\n&#8211; Wir teilen niemals pers\u00f6nliche Informationen mit Dritten, au\u00dfer um gesetzliche Vorschriften zu erf\u00fcllen, wenn es notwendig ist, den Service zu erbringen, oder wenn wir Ihre ausdr\u00fcckliche Zustimmung haben.<br \/>\n&#8211; Wir verwenden Ihre personenbezogenen Daten niemals f\u00fcr andere Zwecke als die in dieser Datenschutzerkl\u00e4rung angegebenen.<br \/>\n&#8211; Ihre Daten werden immer mit einem der Datenschutzgesetzgebung angemessenen Schutzniveau behandelt, und wir werden sie nicht ohne ausdr\u00fcckliche Information automatisierten Entscheidungen unterwerfen.<\/p>\n<p>Diese Datenschutzerkl\u00e4rung wurde unter Ber\u00fccksichtigung der Anforderungen der aktuellen Datenschutzgesetze verfasst:<br \/>\n&#8211; Verordnung (EU) 2016\/679 des Europ\u00e4ischen Parlaments und des Rates vom 27. April 2016 zum Schutz nat\u00fcrlicher Personen (DSGVO).<br \/>\n&#8211; Organgesetz 3\/2018 vom 5. Dezember \u00fcber den Schutz personenbezogener Daten und die Gew\u00e4hrleistung digitaler Rechte (LOPD).<br \/>\n&#8211; K\u00f6nigliches Dekret 1720\/2007 vom 21. Dezember (RLOPD).<\/p>\n<p>Diese Datenschutzerkl\u00e4rung ist vom 6. Dezember 2018 datiert.<br \/>\nAufgrund von \u00c4nderungen der Verarbeitungsrichtlinien, zur Erleichterung des Verst\u00e4ndnisses oder zur Anpassung an die geltende Gesetzgebung k\u00f6nnen wir diese Datenschutzerkl\u00e4rung \u00e4ndern. Wir werden das Datum aktualisieren, damit Sie die G\u00fcltigkeit \u00fcberpr\u00fcfen k\u00f6nnen.<\/p>\n<p>\n<\/p>\n<h3>Von uns durchgef\u00fchrte Verarbeitungen<\/h3>\n<p><\/p>\n<p>\n<span style=\"text-transform: uppercase\">Verarbeitung von <b>Mitarbeitern<\/b><\/span><br \/>\n<br \/>\n<b>Rechtsgrundlage:<\/b> DSGVO: 6.1.b) Verarbeitung, die f\u00fcr die Erf\u00fcllung eines Vertrags, dessen Vertragspartei die betroffene Person ist, oder zur Durchf\u00fchrung vorvertraglicher Ma\u00dfnahmen auf Antrag der betroffenen Person erforderlich ist.<br \/>\nDSGVO: 6.1.c) Verarbeitung, die zur Erf\u00fcllung einer rechtlichen Verpflichtung erforderlich ist, der der Verantwortliche unterliegt.<br \/>\nK\u00f6nigliches Gesetzesdekret 2\/2015 vom 23. Oktober, zur Genehmigung des \u00fcberarbeiteten Textes des Arbeitnehmerstatuts.<br \/>\n<br \/>\n<b>Zwecke der Verarbeitung:<\/b> &#8211; Verwaltung des angestellten Personals.<br \/>\n&#8211; Personalakte. Zeiterfassung. Schulung. Altersvorsorgepl\u00e4ne. Arbeitsschutz.<br \/>\n&#8211; Erstellung der Gehaltsabrechnung.<br \/>\n&#8211; Verwaltung der gewerkschaftlichen T\u00e4tigkeit.<br \/>\n<br \/>\n<b>Gruppe:<\/b> Mitarbeiter<br \/>\n<br \/>\n<b>Kategorien von Daten:<\/b> &#8211; Name und Vorname, DNI\/CIF\/Identifikationsdokument, Personalnummer, Sozialversicherungsnummer\/Mutualit\u00e4t, Adresse, Unterschrift und Telefonnummer.<br \/>\n&#8211; Besondere Kategorien von Daten: Gesundheitsdaten (Krankheitsurlaub, Arbeitsunf\u00e4lle und Behinderungsgrad ohne Einschluss von Diagnosen), Gewerkschaftszugeh\u00f6rigkeit, ausschlie\u00dflich zum Zweck der Zahlung von Gewerkschaftsbeitr\u00e4gen (falls zutreffend), Gewerkschaftsvertreter (falls zutreffend), Anwesenheitsnachweise von eigenen und dritten Personen.<br \/>\n&#8211; Pers\u00f6nliche Merkmale: Geschlecht, Familienstand, Nationalit\u00e4t, Alter, Geburtsdatum und -ort sowie Familiendaten. Famili\u00e4re Umst\u00e4nde: Eintritts- und Austrittsdatum, Lizenzen, Genehmigungen und Erlaubnisse.<br \/>\n&#8211; Akademische und berufliche Daten: Abschl\u00fcsse, Ausbildung und Berufserfahrung.<br \/>\n&#8211; Besch\u00e4ftigungsdetails und Verwaltungskarriere. Unvereinbarkeiten.<br \/>\n&#8211; Anwesenheitskontrolldaten: Ein- und Ausstiegsdatum\/-zeit, Abwesenheitsgrund.<br \/>\n&#8211; Wirtschafts- und Finanzdaten: Gehaltsdaten, Kredite, Darlehen, B\u00fcrgschaften, Steuerabz\u00fcge, Lohnk\u00fcrzungen des vorherigen Arbeitsplatzes (falls zutreffend), gerichtliche Pf\u00e4ndungen (falls zutreffend), andere Abz\u00fcge (falls zutreffend). Bankdaten.<br \/>\n<br \/>\n<b>Kategorien von Empf\u00e4ngern:<\/b> &#8211; Beauftragte Stelle f\u00fcr die Verwaltung der Arbeitssicherheit.<br \/>\n&#8211; Allgemeine Sozialversicherungskasse.<br \/>\n&#8211; Gewerkschaftsorganisationen.<br \/>\n&#8211; Finanzinstitute.<br \/>\n&#8211; Staatliche Steuerverwaltungsbeh\u00f6rde.<br \/>\n&#8211; Hauptauftragnehmer, denen wir als Subunternehmer Dienstleistungen erbringen.<br \/>\n<br \/>\n<b>Internationale \u00dcbertragungen:<\/b> Es sind keine internationalen Daten\u00fcbertragungen vorgesehen.<br \/>\n<br \/>\n<b>Aufbewahrungsfrist:<\/b> Sie werden f\u00fcr die notwendige Zeit aufbewahrt, um den Zweck zu erf\u00fcllen, f\u00fcr den sie erhoben wurden, und um m\u00f6gliche Verantwortlichkeiten zu bestimmen, die sich aus diesem Zweck und der Verarbeitung der Daten ergeben k\u00f6nnten. <br \/>\nDie wirtschaftlichen Daten dieser Verarbeitungst\u00e4tigkeit werden gem\u00e4\u00df den Bestimmungen des Gesetzes 58\/2003 vom 17. Dezember, Allgemeine Steuerordnung, aufbewahrt.<br \/>\n<br \/>\n<b>Sicherheitsma\u00dfnahmen:<\/b> Anpassung an die Anforderungen der Verordnung (EU) 2016\/679, Allgemeine Datenschutzverordnung.<\/p>\n<p><span style=\"text-transform: uppercase\">Verarbeitung von <b>Kontakten<\/b><\/span><br \/>\n<br \/>\n<b>Rechtsgrundlage:<\/b> Einwilligung der betroffenen Person<br \/>\n<br \/>\n<b>Zwecke der Verarbeitung:<\/b> Bearbeitung Ihrer Anfrage, Zusendung von Informationen und Nachverfolgung der Anfrage.<br \/>\n<br \/>\n<b>Gruppe:<\/b> Kontaktpersonen, Kunden, Lieferanten<br \/>\n<br \/>\n<b>Kategorien von Daten:<\/b> Name und Vorname, Telefonnummer, E-Mail-Adresse<br \/>\n<br \/>\n<b>Kategorien von Empf\u00e4ngern:<\/b> Es sind keine Daten\u00fcbertragungen an Dritte vorgesehen.<br \/>\n<br \/>\n<b>Internationale \u00dcbertragungen:<\/b> Es sind keine internationalen Daten\u00fcbertragungen vorgesehen.<br \/>\n<br \/>\n<b>Aufbewahrungsfrist:<\/b> Kontaktdaten werden unbegrenzt oder bis zur L\u00f6schung durch die betroffene Person aufbewahrt.<br \/>\n<br \/>\n<b>Sicherheitsma\u00dfnahmen:<\/b> Anpassung an die Anforderungen der Verordnung (EU) 2016\/679, Allgemeine Datenschutzverordnung.<\/p>\n<p><span style=\"text-transform: uppercase\">Verarbeitung von <b>Rechten der betroffenen Personen (ARCO)<\/b><\/span><br \/>\n<br \/>\n<b>Rechtsgrundlage:<\/b> DSGVO: 6.1.c) Verarbeitung, die zur Erf\u00fcllung einer rechtlichen Verpflichtung erforderlich ist, der der Verantwortliche unterliegt.<br \/>\nAllgemeine Datenschutzverordnung.<br \/>\n<br \/>\n<b>Zwecke der Verarbeitung:<\/b> Bearbeitung der Anfragen im Rahmen der Rechte, die in der Allgemeinen Datenschutzverordnung festgelegt sind: Recht auf Zugang, Berichtigung, L\u00f6schung, Einschr\u00e4nkung, \u00dcbertragbarkeit und Widerspruch gegen automatisierte Entscheidungen.<br \/>\n<br \/>\n<b>Gruppe:<\/b> Nat\u00fcrliche Personen, die dies beantragen (Mitarbeiter, Kunden, Lieferanten, Kontaktpersonen)<br \/>\n<br \/>\n<b>Kategorien von Daten:<\/b> Name und Vorname, Adresse, Unterschrift und Telefonnummer.<br \/>\n<br \/>\n<b>Kategorien von Empf\u00e4ngern:<\/b> Personenbezogene Daten k\u00f6nnen im Rahmen einer durch die betroffene Person eingeleiteten Untersuchung zum Schutz der Rechte an die Aufsichtsbeh\u00f6rde (Spanische Datenschutzbeh\u00f6rde) \u00fcbermittelt werden.<br \/>\n<br \/>\n<b>Internationale \u00dcbertragungen:<\/b> Es sind keine internationalen Daten\u00fcbertragungen vorgesehen.<br \/>\n<br \/>\n<b>Aufbewahrungsfrist:<\/b> Sie werden f\u00fcnf Jahre ab dem Zeitpunkt des Antrags aufbewahrt.<br \/>\n<br \/>\n<b>Sicherheitsma\u00dfnahmen:<\/b> Anpassung an die Anforderungen der Verordnung (EU) 2016\/679, Allgemeine Datenschutzverordnung.<\/p>\n<p><span style=\"text-transform: uppercase\">Verarbeitung von <b>Bewerbern (HR)<\/b><\/span><br \/>\n<br \/>\n<b>Rechtsgrundlage:<\/b> DSGVO 6.1.a) Die betroffene Person hat ihre Einwilligung zur Verarbeitung der sie betreffenden personenbezogenen Daten f\u00fcr einen oder mehrere bestimmte Zwecke gegeben.<br \/>\nDSGVO: 6.1.b) Verarbeitung, die f\u00fcr die Erf\u00fcllung eines Vertrags, dessen Vertragspartei die betroffene Person ist, oder zur Durchf\u00fchrung vorvertraglicher Ma\u00dfnahmen auf Antrag der betroffenen Person erforderlich ist.<br \/>\n<br \/>\n<b>Zwecke der Verarbeitung:<\/b> Personalauswahl und Stellenbesetzung<\/p>\n<p>.<br \/>\n<br \/>\n<b>Gruppe:<\/b> Bewerber, die sich f\u00fcr Stellenbesetzungsverfahren bewerben.<br \/>\n<br \/>\n<b>Kategorien von Daten:<\/b> &#8211; Name und Vorname, DNI\/CIF\/Identifikationsdokument, Personalnummer, Adresse, Unterschrift und Telefonnummer.<br \/>\n&#8211; Pers\u00f6nliche Merkmale: Geschlecht, Familienstand, Nationalit\u00e4t, Alter, Geburtsdatum und -ort sowie Familiendaten.<br \/>\n&#8211; Akademische und berufliche Daten: Abschl\u00fcsse, Ausbildung und Berufserfahrung.<br \/>\n&#8211; Besch\u00e4ftigungsdetails.<br \/>\n<br \/>\n<b>Kategorien von Empf\u00e4ngern:<\/b> Es sind keine Daten\u00fcbertragungen an Dritte vorgesehen.<br \/>\n<br \/>\n<b>Internationale \u00dcbertragungen:<\/b> Es sind keine internationalen Daten\u00fcbertragungen vorgesehen.<br \/>\n<br \/>\n<b>Aufbewahrungsfrist:<\/b> Sie werden f\u00fcr die notwendige Zeit aufbewahrt, um den Zweck zu erf\u00fcllen, f\u00fcr den sie erhoben wurden, und um m\u00f6gliche Verantwortlichkeiten zu bestimmen, die sich aus diesem Zweck und der Verarbeitung der Daten ergeben k\u00f6nnten.<br \/>\n<br \/>\n<b>Sicherheitsma\u00dfnahmen:<\/b> Anpassung an die Anforderungen der Verordnung (EU) 2016\/679, Allgemeine Datenschutzverordnung.<\/p>\n<p><span style=\"text-transform: uppercase\">Verarbeitung von <b>Lieferanten<\/b><\/span><br \/>\n<br \/>\n<b>Rechtsgrundlage:<\/b> DSGVO: 6.1.b) Verarbeitung, die f\u00fcr die Erf\u00fcllung eines Vertrags, dessen Vertragspartei die betroffene Person ist, oder zur Durchf\u00fchrung vorvertraglicher Ma\u00dfnahmen auf Antrag der betroffenen Person erforderlich ist.<br \/>\nDSGVO: 6.1.c) Verarbeitung, die zur Erf\u00fcllung einer rechtlichen Verpflichtung erforderlich ist, der der Verantwortliche unterliegt.<br \/>\nK\u00f6nigliches Gesetzesdekret 2\/2015 vom 23. Oktober, zur Genehmigung des \u00fcberarbeiteten Textes des Arbeitnehmerstatuts.<br \/>\nGesetz 58\/2003 vom 17. Dezember, Allgemeine Steuerordnung.<br \/>\n<br \/>\n<b>Zwecke der Verarbeitung:<\/b> &#8211; Erwerb von Produkten und\/oder Dienstleistungen, die wir f\u00fcr unsere T\u00e4tigkeit ben\u00f6tigen.<br \/>\n&#8211; Kontrolle der Subunternehmer, falls zutreffend.<br \/>\n<br \/>\n<b>Gruppe:<\/b> &#8211; Lieferanten.<br \/>\n&#8211; Personen, die f\u00fcr unsere Lieferanten arbeiten.<br \/>\n<br \/>\n<b>Kategorien von Daten:<\/b> &#8211; Name und Vorname, DNI\/NIF\/Identifikationsdokument, Adresse, Unterschrift und Telefonnummer.<br \/>\n&#8211; Besch\u00e4ftigungsdetails: Arbeitsstelle. Arbeitssicherheitstraining.<br \/>\n&#8211; Wirtschafts- und Versicherungsdaten: Bankdaten.<br \/>\n<br \/>\n<b>Kategorien von Empf\u00e4ngern:<\/b> &#8211; Finanzinstitute. (Rechnungszahlung)<br \/>\n&#8211; Staatliche Steuerverwaltungsbeh\u00f6rde.<br \/>\n<br \/>\n<b>Internationale \u00dcbertragungen:<\/b> Es sind keine internationalen Daten\u00fcbertragungen vorgesehen.<br \/>\n<br \/>\n<b>Aufbewahrungsfrist:<\/b> Sie werden f\u00fcr die notwendige Zeit aufbewahrt, um den Zweck zu erf\u00fcllen, f\u00fcr den sie erhoben wurden, und um m\u00f6gliche Verantwortlichkeiten zu bestimmen, die sich aus diesem Zweck und der Verarbeitung der Daten ergeben k\u00f6nnten, gem\u00e4\u00df dem Gesetz 58\/2003 vom 17. Dezember, Allgemeine Steuerordnung.<br \/>\n<br \/>\n<b>Sicherheitsma\u00dfnahmen:<\/b> Anpassung an die Anforderungen der Verordnung (EU) 2016\/679, Allgemeine Datenschutzverordnung.<\/p>\n<p><span style=\"text-transform: uppercase\">Verarbeitung von <b>Kunden.<\/b><\/span><br \/>\n<br \/>\n<b>Rechtsgrundlage:<\/b> DSGVO: 6.1.a) Die betroffene Person hat ihre Einwilligung zur Verarbeitung der sie betreffenden personenbezogenen Daten f\u00fcr einen oder mehrere bestimmte Zwecke gegeben.<br \/>\nDSGVO: 6.1.b) Verarbeitung, die f\u00fcr die Erf\u00fcllung eines Vertrags, dessen Vertragspartei die betroffene Person ist, oder zur Durchf\u00fchrung vorvertraglicher Ma\u00dfnahmen auf Antrag der betroffenen Person erforderlich ist.<br \/>\nDSGVO: 6.1.c) Verarbeitung, die zur Erf\u00fcllung einer rechtlichen Verpflichtung erforderlich ist, der der Verantwortliche unterliegt.<br \/>\nDSGVO: 6.1.f) Verarbeitung, die zur Wahrung der berechtigten Interessen des Verantwortlichen erforderlich ist.<\/p>\n<p>K\u00f6nigliches Gesetzesdekret 2\/2015 vom 23. Oktober, zur Genehmigung des \u00fcberarbeiteten Textes des Arbeitnehmerstatuts.<br \/>\nGesetz 58\/2003 vom 17. Dezember, Allgemeine Steuerordnung.<br \/>\n<br \/>\n<b>Zwecke der Verarbeitung:<\/b> Spezialisierte Dienstleistungen zur Integration von Industrierobotern.<br \/>\n<br \/>\n<b>Gruppe:<\/b> Kunden<br \/>\n<br \/>\n<b>Kategorien von Daten:<\/b> &#8211; Name und Vorname, DNI\/NIF\/Identifikationsdokument, Adresse, Unterschrift und Telefonnummer.<br \/>\n&#8211; Wirtschafts- und Versicherungsdaten: Bankdaten<br \/>\n<br \/>\n<b>Kategorien von Empf\u00e4ngern:<\/b> &#8211; Finanzinstitute.<br \/>\n&#8211; Staatliche Steuerverwaltungsbeh\u00f6rde.<br \/>\n<br \/>\n<b>Internationale \u00dcbertragungen:<\/b> Es sind keine internationalen Daten\u00fcbertragungen vorgesehen.<br \/>\n<br \/>\n<b>Aufbewahrungsfrist:<\/b> Sie werden f\u00fcr die notwendige Zeit aufbewahrt, um den Zweck zu erf\u00fcllen, f\u00fcr den sie erhoben wurden, und um m\u00f6gliche Verantwortlichkeiten zu bestimmen, die sich aus diesem Zweck und der Verarbeitung der Daten ergeben k\u00f6nnten, gem\u00e4\u00df dem Gesetz 58\/2003 vom 17. Dezember, Allgemeine Steuerordnung.<br \/>\n<br \/>\n<b>Sicherheitsma\u00dfnahmen:<\/b> Anpassung an die Anforderungen der Verordnung (EU) 2016\/679, Allgemeine Datenschutzverordnung.<\/p>\n<p><span style=\"text-transform: uppercase\">Verarbeitung von <b>Video\u00fcberwachung<\/b><\/span><br \/>\n<br \/>\n<b>Rechtsgrundlage:<\/b> DSGVO: 6.1.c) die Verarbeitung ist zur Wahrung der berechtigten Interessen des Verantwortlichen oder eines Dritten erforderlich.<br \/>\nOrgangesetz 2\/1986 vom 13. M\u00e4rz, \u00fcber die Sicherheitskr\u00e4fte und -beh\u00f6rden.<br \/>\n<br \/>\n<b>Zwecke der Verarbeitung:<\/b> Gew\u00e4hrleistung der Sicherheit von Personen, Eigentum und Einrichtungen sowie Arbeitskontrolle.<br \/>\n<br \/>\n<b>Gruppe:<\/b> Arbeitnehmer, Kunden, Lieferanten, Nutzer.<br \/>\n<br \/>\n<b>Kategorien von Daten:<\/b> Bild<br \/>\n<br \/>\n<b>Kategorien von Empf\u00e4ngern:<\/b> Aufzeichnungen k\u00f6nnen an die Sicherheitskr\u00e4fte und -beh\u00f6rden sowie an die Gerichte weitergegeben werden, wenn sie angefordert werden oder als Beweismittel f\u00fcr die Begehung von Straftaten oder Verst\u00f6\u00dfen dienen.<br \/>\n<br \/>\n<b>Internationale \u00dcbertragungen:<\/b> Es sind keine internationalen Daten\u00fcbertragungen vorgesehen.<br \/>\n<br \/>\n<b>Aufbewahrungsfrist:<\/b> Nicht l\u00e4nger als ein Monat, es sei denn, sie werden an die Sicherheitskr\u00e4fte und -beh\u00f6rden und\/oder Gerichte weitergegeben.<br \/>\n<br \/>\n<b>Sicherheitsma\u00dfnahmen:<\/b> Anpassung an die Anforderungen der Verordnung (EU) 2016\/679, Allgemeine Datenschutzverordnung.<\/p>\n<p><span style=\"text-transform: uppercase\">Verarbeitung von <b>Sicherheitsverletzungsbenachrichtigungen<\/b><\/span><br \/>\n<br \/>\n<b>Rechtsgrundlage:<\/b> DSGVO: 6.1.c) Verarbeitung, die zur Erf\u00fcllung einer rechtlichen Verpflichtung erforderlich ist, der der Verantwortliche unterliegt.<br \/>\nAllgemeine Datenschutzverordnung. Artikel 33 und 34<br \/>\n<br \/>\n<b>Zwecke der Verarbeitung:<\/b> Management und Bewertung von Sicherheitsverletzungen in unserer Organisation.<br \/>\n<br \/>\n<b>Gruppe:<\/b> Variabel: Mitarbeiter, Kunden, Lieferanten, Kontaktpersonen (abh\u00e4ngig von der Sicherheitsverletzung)<br \/>\n<br \/>\n<b>Kategorien von Daten:<\/b> Variabel. (Abh\u00e4ngig von der Sicherheitsverletzung)<br \/>\n<br \/>\n<b>Kategorien von Empf\u00e4ngern:<\/b> &#8211; Spanische Datenschutzbeh\u00f6rde.<br \/>\n&#8211; Staatliche Sicherheitskr\u00e4fte und -beh\u00f6rden.<br \/>\n<br \/>\n<b>Internationale \u00dcbertragungen:<\/b> Es sind keine internationalen Daten\u00fcbertragungen vorgesehen.<br \/>\n<br \/>\n<b>Aufbewahrungsfrist:<\/b> Sie werden f\u00fcr die notwendige Zeit aufbewahrt, um den Zweck zu erf\u00fcllen, f\u00fcr den sie erhoben wurden, und um m\u00f6gliche Verantwortlichkeiten zu bestimmen, die sich aus diesem Zweck und der Verarbeitung der Daten ergeben k\u00f6nnten. Die Bestimmungen der Archiv- und Dokumentationsvorschriften gelten.<br \/>\n<br \/>\n<b>Sicherheitsma\u00dfnahmen:<\/b> Anpassung an die Anforderungen der Verordnung (EU) 2016\/679, Allgemeine Datenschutzverordnung.<\/p>\n<p><span style=\"text-transform: uppercase\">Verarbeitung von <b>Schulungen<\/b><\/span><br \/>\n<br \/>\n<b>Rechtsgrundlage:<\/b> DSGVO: 6.1.a) Die betroffene Person hat ihre Einwilligung zur Verarbeitung der sie betreffenden personenbezogenen Daten f\u00fcr einen oder mehrere bestimmte Zwecke gegeben.<br \/>\nDSGVO: 6.1.b) Verarbeitung, die f\u00fcr die Erf\u00fcllung eines Vertrags, dessen Vertragspartei die betroffene Person ist, oder zur Durchf\u00fchrung vorvertraglicher Ma\u00dfnahmen auf Antrag der betroffenen Person erforderlich ist.<br \/>\nDSGVO: 6.1.c) Verarbeitung, die zur Erf\u00fcllung einer rechtlichen Verpflichtung erforderlich ist, der der Verantwortliche unterliegt.<br \/>\nDSGVO: 6.1.f) Verarbeitung, die zur Wahrung der berechtigten Interessen des Verantwortlichen erforderlich ist.<\/p>\n<p>K\u00f6nigliches Gesetzesdekret 2\/2015 vom 23. Oktober, zur Genehmigung des \u00fcberarbeiteten Text<\/p>\n<p>es des Arbeitnehmerstatuts.<br \/>\nGesetz 58\/2003 vom 17. Dezember, Allgemeine Steuerordnung.<br \/>\n<br \/>\n<b>Zwecke der Verarbeitung:<\/b> Verwaltung von Anmeldungen und Teilnahme an Programmierkursen.<br \/>\n<br \/>\n<b>Gruppe:<\/b> Kunden<br \/>\n<br \/>\n<b>Kategorien von Daten:<\/b> &#8211; Name und Vorname, DNI\/NIF\/Identifikationsdokument, Adresse, Unterschrift und Telefonnummer.<br \/>\n&#8211; Arbeitsstelle und Unternehmen, dem der Sch\u00fcler angeh\u00f6rt (falls zutreffend).<br \/>\n&#8211; Wirtschafts- und Versicherungsdaten: Bankdaten<br \/>\n<br \/>\n<b>Kategorien von Empf\u00e4ngern:<\/b> &#8211; Finanzinstitute.<br \/>\n&#8211; Staatliche Steuerverwaltungsbeh\u00f6rde.<br \/>\n<br \/>\n<b>Internationale \u00dcbertragungen:<\/b> Es sind keine internationalen Daten\u00fcbertragungen vorgesehen.<br \/>\n<br \/>\n<b>Aufbewahrungsfrist:<\/b> Sie werden f\u00fcr die notwendige Zeit aufbewahrt, um den Zweck zu erf\u00fcllen, f\u00fcr den sie erhoben wurden, und um m\u00f6gliche Verantwortlichkeiten zu bestimmen, die sich aus diesem Zweck und der Verarbeitung der Daten ergeben k\u00f6nnten, gem\u00e4\u00df dem Gesetz 58\/2003 vom 17. Dezember, Allgemeine Steuerordnung.<br \/>\n<br \/>\n<b>Sicherheitsma\u00dfnahmen:<\/b> Anpassung an die Anforderungen der Verordnung (EU) 2016\/679, Allgemeine Datenschutzverordnung.<\/p>\n<h3>IHRE RECHTE<\/h3>\n<p>\n<!-- SECTION STARTS: TUS DERECHOS -->Sie haben das Recht, eine Kopie Ihrer personenbezogenen Daten anzufordern, ungenaue Daten zu berichtigen oder zu vervollst\u00e4ndigen, wenn sie unvollst\u00e4ndig sind, oder sie gegebenenfalls zu l\u00f6schen, wenn sie f\u00fcr die Zwecke, f\u00fcr die sie erhoben wurden, nicht mehr erforderlich sind.<\/p>\n<p>Sie haben auch das Recht, die Verarbeitung Ihrer personenbezogenen Daten einzuschr\u00e4nken und Ihre personenbezogenen Daten in einem strukturierten und lesbaren Format zu erhalten.<\/p>\n<p>Sie k\u00f6nnen der Verarbeitung Ihrer personenbezogenen Daten unter bestimmten Umst\u00e4nden widersprechen (insbesondere, wenn wir sie nicht verarbeiten m\u00fcssen, um eine vertragliche oder sonstige rechtliche Verpflichtung zu erf\u00fcllen, oder wenn der Zweck der Verarbeitung Direktmarketing ist).<\/p>\n<p>Wenn Sie uns Ihre Einwilligung gegeben haben, k\u00f6nnen Sie diese jederzeit widerrufen. Zu diesem Zeitpunkt werden wir die Verarbeitung Ihrer Daten einstellen oder gegebenenfalls f\u00fcr diesen spezifischen Zweck aufh\u00f6ren. Wenn Sie sich entscheiden, Ihre Einwilligung zu widerrufen, wird dies keine Auswirkungen auf die Verarbeitung haben, die w\u00e4hrend der G\u00fcltigkeit Ihrer Einwilligung stattgefunden hat.<\/p>\n<p>Diese Rechte k\u00f6nnen eingeschr\u00e4nkt sein; zum Beispiel, wenn wir zur Erf\u00fcllung Ihrer Anfrage Daten \u00fcber eine andere Person offenlegen m\u00fcssten oder wenn Sie uns auffordern, einige Aufzeichnungen zu l\u00f6schen, die wir aufgrund einer gesetzlichen Verpflichtung oder eines berechtigten Interesses aufbewahren m\u00fcssen, wie die Aus\u00fcbung der Verteidigung gegen Anspr\u00fcche. Oder sogar in den F\u00e4llen, in denen das Recht auf Meinungsfreiheit und Information \u00fcberwiegen muss.<\/p>\n<p>Sie k\u00f6nnen uns \u00fcber eines der im Abschnitt Verantwortlicher f\u00fcr die Datenverarbeitung dieser Datenschutzerkl\u00e4rung angegebenen Mittel kontaktieren und eine Kopie eines Dokuments vorlegen, das Ihre Identit\u00e4t nachweist (normalerweise der DNI). Der bequemste Weg, Ihre Rechte auszu\u00fcben, ist der Zugriff auf unser RECHTE-PORTAL: <a href=\"https:\/\/www.adelopd.com\/portalderechos\/it-robotics\" target=\"_blank\" rel=\"noopener\">https:\/\/www.adelopd.com\/portalderechos\/it-robotics<\/a>.<\/p>\n<p>Ein weiteres Ihrer Rechte ist es, nicht ausschlie\u00dflich auf einer automatisierten Verarbeitung, einschlie\u00dflich Profiling, beruhenden Entscheidungen unterworfen zu werden, die rechtliche Auswirkungen haben oder Sie betreffen.<\/p>\n<p>Im Falle einer Verletzung Ihrer Rechte, zum Beispiel, wenn wir Ihre Anfrage nicht bearbeitet haben, haben Sie das Recht, eine Beschwerde bei der Aufsichtsbeh\u00f6rde f\u00fcr Datenschutzangelegenheiten einzureichen. Dies kann die Beh\u00f6rde in Ihrem Land sein (wenn Sie au\u00dferhalb Spaniens leben) oder die Spanische Datenschutzbeh\u00f6rde (wenn Sie in Spanien leben).<\/p>\n<p><!-- SECTION ENDS: TUS DERECHOS -->\n<\/p>\n<h3>Zus\u00e4tzliche Informationen<\/h3>\n<p><\/p>\n<p>\n<b>Verarbeitung Ihrer Daten au\u00dferhalb des Europ\u00e4ischen Wirtschaftsraums.<\/b><\/p>\n<p>\n<b>Links zu Websites Dritter.<\/b><br \/>\nUnsere Website kann gelegentlich Links zu anderen Websites enthalten. Es liegt in Ihrer Verantwortung sicherzustellen, dass Sie die Datenschutzrichtlinie und die rechtlichen Bedingungen lesen, die f\u00fcr jede Seite gelten.<\/p>\n<p><b>Daten Dritter.<\/b><br \/>\nWenn Sie uns Daten Dritter zur Verf\u00fcgung stellen, \u00fcbernehmen Sie die Verantwortung, diese zuvor gem\u00e4\u00df Artikel 14 der DSGVO zu informieren.<\/p>\n","protected":false},"excerpt":{"rendered":"<p>VERANTWORTLICHER F\u00dcR DIE DATENVERARBEITUNG Der Verantwortliche f\u00fcr die Datenverarbeitung ist IT INFOTEC ROBOTICS, S.L., C\/ Nicol\u00e1s Cop\u00e9rnico 5, 03203, Elche (ALICANTE). Datenschutzgrunds\u00e4tze Bei IT INFOTEC ROBOTICS, S.L. verpflichten wir uns, kontinuierlich daran zu arbeiten, die Privatsph\u00e4re bei der Verarbeitung Ihrer personenbezogenen Daten zu gew\u00e4hrleisten und Ihnen jederzeit die umfassendsten und klarsten Informationen zu bieten. Wir [&hellip;]<\/p>\n","protected":false},"author":1,"featured_media":0,"parent":0,"menu_order":0,"comment_status":"closed","ping_status":"closed","template":"","meta":{"footnotes":""},"class_list":["post-2063","page","type-page","status-publish","hentry"],"yoast_head":"<!-- This site is optimized with the Yoast SEO plugin v26.7 - https:\/\/yoast.com\/wordpress\/plugins\/seo\/ -->\n<title>Datenschutz - it Robotics<\/title>\n<meta name=\"robots\" content=\"index, follow, max-snippet:-1, max-image-preview:large, max-video-preview:-1\" \/>\n<link rel=\"canonical\" href=\"https:\/\/www.it-robotics.com\/de\/datenschutz\/\" \/>\n<meta property=\"og:locale\" content=\"de_DE\" \/>\n<meta property=\"og:type\" content=\"article\" \/>\n<meta property=\"og:title\" content=\"Datenschutz - it Robotics\" \/>\n<meta property=\"og:description\" content=\"VERANTWORTLICHER F\u00dcR DIE DATENVERARBEITUNG Der Verantwortliche f\u00fcr die Datenverarbeitung ist IT INFOTEC ROBOTICS, S.L., C\/ Nicol\u00e1s Cop\u00e9rnico 5, 03203, Elche (ALICANTE). Datenschutzgrunds\u00e4tze Bei IT INFOTEC ROBOTICS, S.L. verpflichten wir uns, kontinuierlich daran zu arbeiten, die Privatsph\u00e4re bei der Verarbeitung Ihrer personenbezogenen Daten zu gew\u00e4hrleisten und Ihnen jederzeit die umfassendsten und klarsten Informationen zu bieten. Wir [&hellip;]\" \/>\n<meta property=\"og:url\" content=\"https:\/\/www.it-robotics.com\/de\/datenschutz\/\" \/>\n<meta property=\"og:site_name\" content=\"it Robotics\" \/>\n<meta property=\"article:publisher\" content=\"https:\/\/www.facebook.com\/IT-Robotics-145862368820931\/\" \/>\n<meta property=\"article:modified_time\" content=\"2024-06-28T09:34:18+00:00\" \/>\n<meta name=\"twitter:card\" content=\"summary_large_image\" \/>\n<meta name=\"twitter:label1\" content=\"Gesch\u00e4tzte Lesezeit\" \/>\n\t<meta name=\"twitter:data1\" content=\"10\u00a0Minuten\" \/>\n<script type=\"application\/ld+json\" class=\"yoast-schema-graph\">{\"@context\":\"https:\/\/schema.org\",\"@graph\":[{\"@type\":\"WebPage\",\"@id\":\"https:\/\/www.it-robotics.com\/de\/datenschutz\/\",\"url\":\"https:\/\/www.it-robotics.com\/de\/datenschutz\/\",\"name\":\"Datenschutz - it Robotics\",\"isPartOf\":{\"@id\":\"https:\/\/www.it-robotics.com\/#website\"},\"datePublished\":\"2016-07-19T06:45:09+00:00\",\"dateModified\":\"2024-06-28T09:34:18+00:00\",\"breadcrumb\":{\"@id\":\"https:\/\/www.it-robotics.com\/de\/datenschutz\/#breadcrumb\"},\"inLanguage\":\"de\",\"potentialAction\":[{\"@type\":\"ReadAction\",\"target\":[\"https:\/\/www.it-robotics.com\/de\/datenschutz\/\"]}]},{\"@type\":\"BreadcrumbList\",\"@id\":\"https:\/\/www.it-robotics.com\/de\/datenschutz\/#breadcrumb\",\"itemListElement\":[{\"@type\":\"ListItem\",\"position\":1,\"name\":\"Home\",\"item\":\"https:\/\/www.it-robotics.com\/de\/\"},{\"@type\":\"ListItem\",\"position\":2,\"name\":\"Datenschutz\"}]},{\"@type\":\"WebSite\",\"@id\":\"https:\/\/www.it-robotics.com\/#website\",\"url\":\"https:\/\/www.it-robotics.com\/\",\"name\":\"it Robotics\",\"description\":\"Automatizaci\u00f3n y rob\u00f3tica industrial\",\"potentialAction\":[{\"@type\":\"SearchAction\",\"target\":{\"@type\":\"EntryPoint\",\"urlTemplate\":\"https:\/\/www.it-robotics.com\/?s={search_term_string}\"},\"query-input\":{\"@type\":\"PropertyValueSpecification\",\"valueRequired\":true,\"valueName\":\"search_term_string\"}}],\"inLanguage\":\"de\"}]}<\/script>\n<!-- \/ Yoast SEO plugin. -->","yoast_head_json":{"title":"Datenschutz - it Robotics","robots":{"index":"index","follow":"follow","max-snippet":"max-snippet:-1","max-image-preview":"max-image-preview:large","max-video-preview":"max-video-preview:-1"},"canonical":"https:\/\/www.it-robotics.com\/de\/datenschutz\/","og_locale":"de_DE","og_type":"article","og_title":"Datenschutz - it Robotics","og_description":"VERANTWORTLICHER F\u00dcR DIE DATENVERARBEITUNG Der Verantwortliche f\u00fcr die Datenverarbeitung ist IT INFOTEC ROBOTICS, S.L., C\/ Nicol\u00e1s Cop\u00e9rnico 5, 03203, Elche (ALICANTE). Datenschutzgrunds\u00e4tze Bei IT INFOTEC ROBOTICS, S.L. verpflichten wir uns, kontinuierlich daran zu arbeiten, die Privatsph\u00e4re bei der Verarbeitung Ihrer personenbezogenen Daten zu gew\u00e4hrleisten und Ihnen jederzeit die umfassendsten und klarsten Informationen zu bieten. Wir [&hellip;]","og_url":"https:\/\/www.it-robotics.com\/de\/datenschutz\/","og_site_name":"it Robotics","article_publisher":"https:\/\/www.facebook.com\/IT-Robotics-145862368820931\/","article_modified_time":"2024-06-28T09:34:18+00:00","twitter_card":"summary_large_image","twitter_misc":{"Gesch\u00e4tzte Lesezeit":"10\u00a0Minuten"},"schema":{"@context":"https:\/\/schema.org","@graph":[{"@type":"WebPage","@id":"https:\/\/www.it-robotics.com\/de\/datenschutz\/","url":"https:\/\/www.it-robotics.com\/de\/datenschutz\/","name":"Datenschutz - it Robotics","isPartOf":{"@id":"https:\/\/www.it-robotics.com\/#website"},"datePublished":"2016-07-19T06:45:09+00:00","dateModified":"2024-06-28T09:34:18+00:00","breadcrumb":{"@id":"https:\/\/www.it-robotics.com\/de\/datenschutz\/#breadcrumb"},"inLanguage":"de","potentialAction":[{"@type":"ReadAction","target":["https:\/\/www.it-robotics.com\/de\/datenschutz\/"]}]},{"@type":"BreadcrumbList","@id":"https:\/\/www.it-robotics.com\/de\/datenschutz\/#breadcrumb","itemListElement":[{"@type":"ListItem","position":1,"name":"Home","item":"https:\/\/www.it-robotics.com\/de\/"},{"@type":"ListItem","position":2,"name":"Datenschutz"}]},{"@type":"WebSite","@id":"https:\/\/www.it-robotics.com\/#website","url":"https:\/\/www.it-robotics.com\/","name":"it Robotics","description":"Automatizaci\u00f3n y rob\u00f3tica industrial","potentialAction":[{"@type":"SearchAction","target":{"@type":"EntryPoint","urlTemplate":"https:\/\/www.it-robotics.com\/?s={search_term_string}"},"query-input":{"@type":"PropertyValueSpecification","valueRequired":true,"valueName":"search_term_string"}}],"inLanguage":"de"}]}},"_links":{"self":[{"href":"https:\/\/www.it-robotics.com\/de\/wp-json\/wp\/v2\/pages\/2063","targetHints":{"allow":["GET"]}}],"collection":[{"href":"https:\/\/www.it-robotics.com\/de\/wp-json\/wp\/v2\/pages"}],"about":[{"href":"https:\/\/www.it-robotics.com\/de\/wp-json\/wp\/v2\/types\/page"}],"author":[{"embeddable":true,"href":"https:\/\/www.it-robotics.com\/de\/wp-json\/wp\/v2\/users\/1"}],"replies":[{"embeddable":true,"href":"https:\/\/www.it-robotics.com\/de\/wp-json\/wp\/v2\/comments?post=2063"}],"version-history":[{"count":3,"href":"https:\/\/www.it-robotics.com\/de\/wp-json\/wp\/v2\/pages\/2063\/revisions"}],"predecessor-version":[{"id":3388,"href":"https:\/\/www.it-robotics.com\/de\/wp-json\/wp\/v2\/pages\/2063\/revisions\/3388"}],"wp:attachment":[{"href":"https:\/\/www.it-robotics.com\/de\/wp-json\/wp\/v2\/media?parent=2063"}],"curies":[{"name":"wp","href":"https:\/\/api.w.org\/{rel}","templated":true}]}}